{"version":"1.0","provider_name":"Le Caf\u00e9 de Capucine","provider_url":"https:\/\/capucine.cafeblog.hu","author_name":"Le Caf\u00e9 de Capucine","author_url":"https:\/\/capucine.cafeblog.hu\/author\/le_cafe_de_capucine\/","title":"Spont\u00e1n szombat, Egerben","html":"A napokban eszembe jutott Robin Williams monol\u00f3gja a Holt k\u00f6lt\u0151k t\u00e1rsas\u00e1g\u00e1b\u00f3l: Sz\u00edvd ki az \u00e9let velej\u00e9t, Carpe Diem!<br \/>\nA napokban olyan energia lengett minket k\u00f6r\u00fcl, hogy a rendelkez\u00e9s\u00fcnkre \u00e1ll\u00f3 24 \u00f3r\u00e1ba beleer\u0151szakoltunk 25-\u00f6t!<br \/>\nSzombaton volt az \u00e9vfordul\u00f3nk. Megint. Mert janu\u00e1rban is \u00fcnnepl\u00fcnk egyet, de Febru\u00e1r 28.-\u00e1n is.<br \/>\nOlyan ez mint a n\u00e9vnapom. Annyiszor fogadom a j\u00f3k\u00edv\u00e1ns\u00e1gokat, annyiszor \u00f6r\u00fcl\u00f6k, ah\u00e1nyszor felk\u00f6sz\u00f6ntenek. Elveszi az ember kedv\u00e9t, ha j\u00f3 sz\u00e1nd\u00e9kkal felk\u00f6sz\u00f6nt valakit \u00e9s ez a v\u00e1lasz: K\u00f6sz, de nem most tartom. Erre az a v\u00e1laszom, hogy att\u00f3l m\u00e9g lehet \u00f6r\u00fclni neki.<br \/>\nNem veszeksz\u00fcnk azon, hogy az els\u0151 tal\u00e1lkoz\u00e1st\u00f3l, vagy az els\u0151 randev\u00fat\u00f3l sz\u00e1moljuk a k\u00f6z\u00f6s id\u0151sz\u00e1m\u00edt\u00e1st, mindennek \u00f6r\u00fcl\u00fcnk.<br \/>\nSzombaton mikor tanakodtunk, hogy egy ki\u00e1ll\u00edt\u00e1s \u00e9s egy mozi ut\u00e1n is maradna e besz\u00e9lget\u0151 t\u00e9ma, ha m\u00e9g el\u0151sz\u00f6r randizn\u00e1nk, P. fej\u00e9b\u0151l kipattant egy mer\u00e9sz \u00e9s izgalmas \u00f6tlet:<br \/>\n- Utazzunk el Egerbe! Haza se menj\u00fcnk, csak \u00edgy, ahogy vagyunk induljunk!<br \/>\nNekem nem kellett k\u00e9tszer mondani. Letudtuk a munk\u00e1kat \u00e9s a felt\u00e1mad\u00f3 sz\u00e9lben \u00e9rezt\u00fck a k\u00f6zelg\u0151 utaz\u00e1s szabad leveg\u0151j\u00e9t, azt a leveg\u0151t, amit\u0151l kiaut\u00f3zn\u00e1l a vil\u00e1gb\u00f3l. Im\u00e1dom.<br \/>\nRosszul m\u00e9rtem be \u00e9s nem esett le, hogy a \"szabads\u00e1g leveg\u0151je\" csak a k\u00f6zelg\u0151 vihart jelzi.<br \/>\nErre akkor j\u00f6tt\u00fcnk r\u00e1, amikor m\u00e1r f\u00e9l\u00faton voltunk Eger fel\u00e9, sz\u00f3ltam unokah\u00fagomnak, hogy megy\u00fcnk.<br \/>\n<br \/>\n<div>\n<a href=\"https:\/\/capucine.cafeblog.hu\/files\/2015\/03\/12-600x388.jpg\" style=\"clear: left;float: left;margin-bottom: 1em;margin-right: 1em\"><img border=\"0\" src=\"https:\/\/capucine.cafeblog.hu\/files\/2015\/03\/12-600x388.jpg\" height=\"414\" width=\"640\" \/><\/a><\/div>\n<br \/>\n<div>\n<a href=\"https:\/\/capucine.cafeblog.hu\/files\/2015\/03\/22.jpg\" style=\"margin-left: 1em;margin-right: 1em\"><img border=\"0\" src=\"https:\/\/capucine.cafeblog.hu\/files\/2015\/03\/22.jpg\" height=\"400\" width=\"400\" \/><\/a><\/div>\n<br \/>\n<div>\n<a href=\"https:\/\/capucine.cafeblog.hu\/files\/2015\/03\/31-338x600.jpg\" style=\"margin-left: 1em;margin-right: 1em\"><img border=\"0\" src=\"https:\/\/capucine.cafeblog.hu\/files\/2015\/03\/31-338x600.jpg\" height=\"640\" width=\"360\" \/><\/a><\/div>\n<br \/>\n<div>\n<a href=\"https:\/\/capucine.cafeblog.hu\/files\/2015\/03\/41-600x600.jpg\" style=\"margin-left: 1em;margin-right: 1em\"><img border=\"0\" src=\"https:\/\/capucine.cafeblog.hu\/files\/2015\/03\/41-600x600.jpg\" height=\"640\" width=\"640\" \/><\/a><\/div>\n<br \/>\n\u00d6sszen\u00e9zt\u00fcnk P.-vel aki megb\u00e1nta spontaneit\u00e1s\u00e1t \u00e9s csak ennyit mondtunk, magunkon r\u00f6h\u00f6gve a zuhog\u00f3 es\u0151ben: -Olyan h\u00fcly\u00e9k vagyunk, m\u00e9g egy eserny\u0151 sincs n\u00e1lunk!<br \/>\nDe felsz\u00edvtuk magunkat \u00e9s nem fordultunk vissza, milyen j\u00f3l tett\u00fck.&nbsp; <br \/>\nOlyan helyeken s\u00e9t\u00e1ltunk, ahol m\u00e9g nem voltam, olyan \u00e9tteremben k\u00e1v\u00e9z\u00f3ban fogyasztottunk, ami \u00faj \u00e9lm\u00e9nyt adott az est\u00e9be m\u00e9g a boroz\u00e1s is belef\u00e9rt. Arra jutottunk, hogy ez a v\u00e1ros igazi&nbsp; di\u00e1k fellegv\u00e1r: \u00c9lhet\u0151 m\u00e9ret\u0171, olcs\u00f3 \u00e9s j\u00f3 min\u0151s\u00e9g\u0171 a bor, egyre m\u00e1sra nyitj\u00e1k a k\u00e9zm\u0171ves s\u00f6r\u00f6ket k\u00edn\u00e1l\u00f3 helyeket \u00e9s a j\u00f3f\u00e9le bisztr\u00f3kat, \u00e9ttermeket. Alkoholist\u00e1nak sem j\u00f3, vagy t\u00fal j\u00f3 itt lenni.<br \/>\nSzeretn\u00e9k \u00f6mlengeni az \u00e9p\u00edt\u00e9szeti eml\u00e9kekr\u0151l, amiket nem&nbsp; \u00e9rt sz\u0151nyegbomb\u00e1z\u00e1s \u00e9s nem ritka az \u00f3v\u00e1rosban a 17., 18. sz\u00e1zadban \u00e9p\u00fclt h\u00e1z. Szokatlan a szememnek, hogy a takaros h\u00e1zak k\u00f6z\u00f6tt csobog a patak \u00e9s hogy lehets\u00e9ges \u00fagy \u00e9p\u00edtkezni, hogy az ablakodat oda nyithasd ki. Ki akarok n\u00e9zni a konyhaablakb\u00f3l az alattam csobog\u00f3 patakra!<br \/>\nA fant\u00e1zi\u00e1mat egy elbontott h\u00e1z fal\u00e1ban meghagyott ablakkeret ragadta meg, itt jutott eszembe egy k\u00e9k cser\u00e9pben vir\u00edt\u00f3 v\u00f6r\u00f6s musk\u00e1tli, a patak feletti egykori h\u00e1z konyh\u00e1j\u00e1ban.<br \/>\nKiab\u00e1lt az agyamban: - Csak m\u00e1sf\u00e9l \u00f3r\u00e1t utaztatok, de egy teljesen m\u00e1s \u00e9letforma! V\u00e1ltozatoss\u00e1g! \u00dagy szeretem!<br \/>\n<div>\n<a href=\"https:\/\/capucine.cafeblog.hu\/files\/2015\/03\/8-450x600.jpg\" style=\"margin-left: 1em;margin-right: 1em\"><img border=\"0\" src=\"https:\/\/capucine.cafeblog.hu\/files\/2015\/03\/8-450x600.jpg\" height=\"640\" width=\"478\" \/><\/a><\/div>\n<br \/>\n<div>\n<a href=\"https:\/\/capucine.cafeblog.hu\/files\/2015\/03\/121-600x416.jpg\" style=\"clear: left;float: left;margin-bottom: 1em;margin-right: 1em\"><img border=\"0\" src=\"https:\/\/capucine.cafeblog.hu\/files\/2015\/03\/121-600x416.jpg\" height=\"443\" width=\"640\" \/><\/a><\/div>\n<br \/>\n<div>\n<a href=\"https:\/\/capucine.cafeblog.hu\/files\/2015\/03\/13-600x458.jpg\" style=\"margin-left: 1em;margin-right: 1em\"><img border=\"0\" src=\"https:\/\/capucine.cafeblog.hu\/files\/2015\/03\/13-600x458.jpg\" height=\"305\" width=\"400\" \/><\/a><\/div>\n<br \/>\n<div>\n<a href=\"https:\/\/capucine.cafeblog.hu\/files\/2015\/03\/14-600x403.jpg\" style=\"margin-left: 1em;margin-right: 1em\"><img border=\"0\" src=\"https:\/\/capucine.cafeblog.hu\/files\/2015\/03\/14-600x403.jpg\" height=\"428\" width=\"640\" \/><\/a><\/div>\nUnokatestv\u00e9rem itt tanul \u00e9s piszok szerencse volt, hogy \u00e9pp&nbsp; ott volt h\u00e9tv\u00e9g\u00e9n. Elb\u00f3kl\u00e1sztunk volna ketten is, de egy j\u00e1rtas vezet\u0151 mindig t\u00f6bbet ny\u00fajt. P. \u00e9s V. birka t\u00fcrelm\u00e9vel viselt\u00e9k, hogy minden k\u0151t\u0151l \u00e9s kedves faragv\u00e1nyt\u00f3l, ak\u00e1r egy \u00fcres ablakkerett\u0151l is felvis\u00edtok \u00e9s le kell fot\u00f3znom.&nbsp; <br \/>\nA v\u00e1rban kezdt\u00fcnk \u00e9s olyan mord hideg kerekedett, hogy valahova be kellett \u00fclni valami forr\u00f3 \u00e9tel mell\u0151l szeml\u00e9lni a kis macskak\u00f6ves utc\u00e1kat.<br \/>\nSajnos nem kaptunk asztalt az ablak mell\u00e9, de mikor bel\u00e9pt\u00fcnk a pizz\u00e9ria ajtaj\u00e1n megcsapott minket a s\u00fcl\u0151 keny\u00e9rt\u00e9szta illata, amir\u0151l V. megjegyezte, hogy el\u0151tte k\u00e9zzel gy\u00farj\u00e1k. <a href=\"http:\/\/padrinopizza.hu\/\" target=\"_blank\">Itt. <\/a><br \/>\nEgy kicsike bels\u0151 t\u00e9r, ami felett tal\u00e1lhat\u00f3 a vend\u00e9gt\u00e9r, \u00f6sszesen 5 asztallal. Am\u00edg ott voltunk folyamatosan cser\u00e9l\u0151d\u00f6tt a vend\u00e9gk\u00f6r, turist\u00e1kt\u00f3l kezdve, di\u00e1kokon \u00e1t id\u0151s h\u00e1zasp\u00e1rig mindenki evett vagy v\u00e1rt. Mi nagyon sokat v\u00e1rtunk. Lehet, hogy csak 3\/4-ed \u00f3ra volt, de borzaszt\u00f3 rosszul \u00e9ltem meg. Az utols\u00f3 negyed \u00f3r\u00e1ban m\u00e1r nem tudtam a besz\u00e9lget\u00e9sre sem oda figyelni \u00e9s minden alkalommal ha a pinc\u00e9r dobogott fel a sz\u0171k l\u00e9pcs\u0151n m\u00e1r pavlovi reflexk\u00e9nt csorgott a ny\u00e1lam.<br \/>\nAk\u00e1rmennyire is finom volt amit kaptunk, nekem ez a v\u00e1rakoz\u00e1s \u00e9gett bele az agyamba. Az volt a bosszant\u00f3, hogy mintha a roham al\u00e1bb hagyott volna, akik ut\u00e1nunk j\u00f6ttek, negyed \u00f3r\u00e1n bel\u00fcl megkapt\u00e1k a rendel\u00e9s\u00fck. Csak n\u00e1lunk lassult le a rendszer.<br \/>\nUt\u00e1na elment\u00fcnk \u00e9s ittunk egy t\u00f6r\u00f6k k\u00e1v\u00e9t a <a href=\"https:\/\/www.facebook.com\/egripasasatra\" target=\"_blank\">egri pasa s\u00e1tr\u00e1ban<\/a>. M\u00e1r megj\u00e1rtuk T\u00f6r\u00f6korsz\u00e1got de ilyen autentikus k\u00e1v\u00e9t m\u00e9g ott sem k\u00edn\u00e1ltak. Le voltam ny\u0171g\u00f6zve, mert annyira odafigyeltek minden r\u00e9szletre, hogy f\u00e9l \u00f3ra kellett hogy kicsod\u00e1lkozzuk magunkat.<br \/>\n<br \/>\n<table align=\"center\" cellpadding=\"0\" cellspacing=\"0\" class=\"tr-caption-container\" style=\"margin-left: auto;margin-right: auto;text-align: center\"><tbody>\n<tr><td style=\"text-align: center\"><a href=\"https:\/\/capucine.cafeblog.hu\/files\/2015\/03\/9.jpg\" style=\"margin-left: auto;margin-right: auto\"><img border=\"0\" src=\"https:\/\/capucine.cafeblog.hu\/files\/2015\/03\/9.jpg\" height=\"400\" width=\"400\" \/><\/a><\/td><\/tr>\n<tr><td class=\"tr-caption\" style=\"text-align: center\">Bel\u00fcl, k\u00edv\u00fcl. <\/td><\/tr>\n<\/tbody><\/table>\n<br \/>\n<div>\n<a href=\"https:\/\/capucine.cafeblog.hu\/files\/2015\/03\/10-600x448.jpg\" style=\"margin-left: 1em;margin-right: 1em\"><img border=\"0\" src=\"https:\/\/capucine.cafeblog.hu\/files\/2015\/03\/10-600x448.jpg\" height=\"478\" width=\"640\" \/><\/a><\/div>\n<br \/>\n<div>\n<a href=\"https:\/\/capucine.cafeblog.hu\/files\/2015\/03\/111-450x600.jpg\" style=\"margin-left: 1em;margin-right: 1em\"><img border=\"0\" src=\"https:\/\/capucine.cafeblog.hu\/files\/2015\/03\/111-450x600.jpg\" height=\"640\" width=\"480\" \/><\/a><\/div>\n<br \/>\n<div>\n<\/div>\nGy\u00f6ny\u00f6r\u0171 sz\u0151nyegeken s\u00e9t\u00e1ltunk zokniban, k\u00f6zben a szam\u00e1rh\u00e1t\u00edves pici ablakokon l\u00e1tszott, hogy felkapcsolj\u00e1k az utcai f\u00e9nyeket \u00e9s lassan esteledik. Bent f\u00e9lhom\u00e1ly \u00e9s egy t\u00f6r\u00f6k viseletbe \u00f6lt\u00f6z\u00f6tt l\u00e1ny k\u00e1v\u00e9t f\u0151z a felhev\u00edtett homokban. H\u00e1! Azt hittem eldobom az agyam. Egy meleg\u00edt\u0151 t\u00e1lban izzott a homok a k\u00e1v\u00e9t v\u00edzzel fel\u00f6nt\u00f6tte \u00e9s a homokba \u00e1sta. Eltelik 15 m\u00e1sodperc \u00e9s a k\u00e1v\u00e9 felforr. H\u00e1romszor oda\u00e9rinti, miel\u0151tt kifutna \u00e9s kit\u00f6lti nekem egy cs\u00e9szik\u00e9be. Kan\u00e1l nem j\u00e1r a mutatv\u00e1nyhoz, mert nem akarjuk felkavarni az \u00fcleped\u0151 zaccot a fen\u00e9kr\u0151l.<br \/>\nNem tudok elszakadni a l\u00e1tv\u00e1nyt\u00f3l \u00e9s az egyszer\u0171s\u00e9g zsenialit\u00e1s\u00e1t\u00f3l, hogy egy s\u00e1torban is lehet k\u00e1v\u00e9z\u00f3t \u00fczemeltetni. Lel\u00f3g\u00f3 \u00fcveg csill\u00e1r vil\u00e1g\u00edtja be a helys\u00e9get \u00e9s egy kelme-felh\u0151v\u00e9 teszi a cs\u00facsosod\u00f3 plafont. L\u00e1tni kell.<br \/>\nAz est\u00e9t a Sz\u00e9passzony v\u00f6lgyben t\u00f6lt\u00f6tt\u00fck \u00e9s mi voltunk a sof\u0151r \u00far k\u00f3stol\u00f3i. Led\u00f6bbent\u00fcnk, hogy mennyi ember mozdul ki \u00e9s hogy milyen \u00e9let van ott. Persze mit v\u00e1runk, szombat este volt, vagy olyasmi, \u00fagy t\u00f6ltik a fiatalok, a k\u00f6z\u00e9pkor\u00fa vad\u00e1szklub vagy kolleg\u00e1k az idej\u00fcket mint m\u00e1shol: Bulival. Itt viszont nem iszik senki tablett\u00e1s bort, mert olcs\u00f3bb a termel\u0151i! 200 pince van itt&nbsp; \u00e9s mi csak kett\u0151 k\u00edn\u00e1lat\u00e1b\u00f3l szemezgett\u00fck. Ugyancsak az elej\u00e9n vagyunk.&nbsp; <br \/>\n<div>\n<\/div>\n<br \/>\n<div>\n<a href=\"https:\/\/capucine.cafeblog.hu\/files\/2015\/03\/71-600x422.jpg\" style=\"margin-left: 1em;margin-right: 1em\"><img border=\"0\" src=\"https:\/\/capucine.cafeblog.hu\/files\/2015\/03\/71-600x422.jpg\" height=\"448\" width=\"640\" \/><\/a><\/div>\n<br \/>\n&nbsp;&nbsp; <br \/>\n&nbsp; <br \/>\n<div>\n<a href=\"https:\/\/capucine.cafeblog.hu\/files\/2015\/03\/51-600x334.jpg\" style=\"margin-left: 1em;margin-right: 1em\"><img border=\"0\" src=\"https:\/\/capucine.cafeblog.hu\/files\/2015\/03\/51-600x334.jpg\" height=\"221\" width=\"400\" \/><\/a><\/div>\n<br \/>\n<div>\n<a href=\"https:\/\/capucine.cafeblog.hu\/files\/2015\/03\/6-600x450.jpg\" style=\"margin-left: 1em;margin-right: 1em\"><img border=\"0\" src=\"https:\/\/capucine.cafeblog.hu\/files\/2015\/03\/6-600x450.jpg\" \/><\/a><\/div>\n&nbsp; ","type":"rich","thumbnail_url":"https:\/\/capucine.cafeblog.hu\/files\/2015\/03\/12-150x150.jpg","thumbnail_width":150,"thumbnail_height":150}